{"id":2,"date":"2023-01-31T13:08:18","date_gmt":"2023-01-31T13:08:18","guid":{"rendered":"https:\/\/kismarjaref.hu\/?page_id=2"},"modified":"2023-04-18T11:21:59","modified_gmt":"2023-04-18T11:21:59","slug":"sample-page","status":"publish","type":"page","link":"https:\/\/kismarjaref.hu\/","title":{"rendered":"F\u0151oldal"},"content":{"rendered":"<p>[vc_row margin_top=&#8221;2em&#8221;][vc_column][vc_column_text]<\/p>\n<h1 style=\"text-align: center;\">KISMARJAI REFORM\u00c1TUS TEMPLOM<\/h1>\n<p>[\/vc_column_text][\/vc_column][\/vc_row][vc_row][vc_column][vc_column_text]<\/p>\n<p style=\"text-align: center;\">A Tisz\u00e1nt\u00fali Reform\u00e1tus Egyh\u00e1zker\u00fclet, az \u201eOrando et Laborando \u2013 Im\u00e1dkozva \u00e9s dolgozva\u201d c\u00edm\u0171 turisztikai attrakci\u00f3 fejleszt\u00e9sre ir\u00e1nyul\u00f3 GINOP-7.1.4-16-2016-00014 azonos\u00edt\u00f3sz\u00e1m\u00fa projekt keret\u00e9ben 1.496.818.373 forint vissza nem t\u00e9r\u00edtend\u0151 eur\u00f3pai uni\u00f3s t\u00e1mogat\u00e1sban r\u00e9szes\u00fclt.<\/p>\n<p>[\/vc_column_text][\/vc_column][\/vc_row][vc_row margin_bottom=&#8221;2em&#8221;][vc_column]<div class=\" agni-image custom-image-container text-center\"><div class=\"animate\" data-animation=\"fadeInUp\" data-animation-offset=\"95%\" style=\"animation-duration: 0.8s;     animation-delay: 0.4s;     -moz-animation-duration: 0.8s;  -moz-animation-delay: 0.4s;    -webkit-animation-duration: 0.8s;   -webkit-animation-delay: 0.4s; \">\r\n\t\t\t<figure class=\"agni-image-figure\">\r\n\t\t\t\t<img loading=\"lazy\" decoding=\"async\"  width=\"2048\" height=\"1367\" src=\"https:\/\/kismarjaref.hu\/wp-content\/uploads\/2023\/01\/Kismarja1.jpg\" class=\"fullwidth-image attachment-full  attachment-full\" alt=\"\" srcset=\"https:\/\/kismarjaref.hu\/wp-content\/uploads\/2023\/01\/Kismarja1.jpg 2048w, https:\/\/kismarjaref.hu\/wp-content\/uploads\/2023\/01\/Kismarja1-300x200.jpg 300w, https:\/\/kismarjaref.hu\/wp-content\/uploads\/2023\/01\/Kismarja1-1024x684.jpg 1024w, https:\/\/kismarjaref.hu\/wp-content\/uploads\/2023\/01\/Kismarja1-768x513.jpg 768w, https:\/\/kismarjaref.hu\/wp-content\/uploads\/2023\/01\/Kismarja1-1536x1025.jpg 1536w, https:\/\/kismarjaref.hu\/wp-content\/uploads\/2023\/01\/Kismarja1-960x641.jpg 960w\" sizes=\"auto, (max-width: 2048px) 100vw, 2048px\" \/>\r\n\t\t\t\t<figcaption class=\"vc_figure-caption\"><\/figcaption>\r\n\t\t\t<\/figure>\r\n\t\t<\/div><\/div>[\/vc_column][\/vc_row][vc_row][vc_column][vc_column_text]<span style=\"font-weight: 400;\">A Debrecen- Kistemplom \u00e9s Szatm\u00e1rcsekei Reform\u00e1tus Templom \u00fcnnep\u00e9lyes projektz\u00e1r\u00e1s\u00e1t k\u00f6vet\u0151en\u00a0 2022. november 6-\u00e1n, vas\u00e1rnap a Kismarjai Reform\u00e1tus Templomban is sor ker\u00fcl a projektz\u00e1r\u00e1sra a\u00a0 h\u00e1laad\u00f3 istentiszteletet k\u00f6vet\u0151en. A Tisz\u00e1nt\u00fali Reform\u00e1tus Egyh\u00e1zker\u00fclet turisztikai fejleszt\u00e9se, a\u00a0 magyar reform\u00e1ci\u00f3 egyh\u00e1zi \u00f6r\u00f6ks\u00e9g\u00e9t mutatja be hat helysz\u00ednen. A projekt keret\u00e9ben a magyarorsz\u00e1gi\u00a0 reform\u00e1ci\u00f3 t\u00f6rt\u00e9net\u00e9ben kiemelt jelent\u0151s\u00e9g\u0171 templomok \u00fajultak meg, \u00e9s a mai kor elv\u00e1r\u00e1sainak\u00a0 megfelel\u0151 attrakt\u00edv \u00e9s interakt\u00edv ki\u00e1ll\u00edt\u00e1sokkal v\u00e1rj\u00e1k hamarosan a l\u00e1togat\u00f3kat, akik megismerhetik azt a\u00a0 k\u00fcl\u00f6nleges egyh\u00e1zi kultur\u00e1lis \u00f6r\u00f6ks\u00e9get, amely felbecs\u00fclhetetlen nemzeti, t\u00f6rt\u00e9nelmi, egyh\u00e1zm\u0171v\u00e9szeti,\u00a0 valamint muze\u00e1lis \u00e9rt\u00e9ket k\u00e9pvisel.\u00a0\u00a0<\/span><\/p>\n<p><span style=\"font-weight: 400;\">A Magyarorsz\u00e1g korm\u00e1nya \u00e9s az eur\u00f3pai uni\u00f3 \u00e1ltal t\u00e1mogatott fejleszt\u00e9s k\u00f6zel m\u00e1sf\u00e9l milli\u00e1rd forint\u00a0 t\u00e1mogat\u00e1sb\u00f3l val\u00f3sul meg.\u00a0<\/span><\/p>\n<p><span style=\"font-weight: 400;\">Az Egyh\u00e1zker\u00fclet, mint konzorciumvezet\u0151, konzorciumi partners\u00e9gben megval\u00f3sul\u00f3 fejleszt\u00e9s\u00a0 keret\u00e9ben a magyarorsz\u00e1gi reform\u00e1ci\u00f3 kiv\u00e9teles m\u00falt\u00fa templomai \u00fajultak meg Kismarj\u00e1n, L\u00e9tav\u00e9rtesen,\u00a0 Szatm\u00e1rcsek\u00e9n, valamint Debrecenben az Egyetemi Templom, a Kistemplom, \u00e9s a Kossuth utcai\u00a0 \u201eVerestemplom\u201d.\u00a0<\/span><\/p>\n<p><span style=\"font-weight: 400;\">A helysz\u00edneken k\u00fcl\u00f6nleges ki\u00e1ll\u00edt\u00e1sok k\u00fcl\u00f6nb\u00f6z\u0151 form\u00e1kban mutatj\u00e1k be a reform\u00e1ci\u00f3 eml\u00e9keit,\u00a0 t\u00f6rt\u00e9nelmi jelent\u0151s\u00e9g\u0171 klen\u00f3diumokat, t\u00e1rgyi \u00f6r\u00f6ks\u00e9get, kordokumentumokat, a l\u00e1togat\u00f3k interakt\u00edv\u00a0 m\u00f3don szerezhetnek fontos t\u00f6rt\u00e9nelmi \u00e9s kultur\u00e1lis ismereteket, k\u00f6zelebb ker\u00fclhetnek a magyarorsz\u00e1gi\u00a0 reform\u00e1ci\u00f3 \u00f6r\u00f6ks\u00e9g\u00e9hez \u00e9s jelenlegi \u00e9let\u00e9hez.\u00a0<\/span><\/p>\n<p><span style=\"font-weight: 400;\">A fejleszt\u00e9sek c\u00e9lja, hogy a debreceni, l\u00e9tav\u00e9rtesi, szatm\u00e1rcsekei \u00e9s kismarjai reform\u00e1tus templomok\u00a0 \u00e9s k\u00f6rny\u00e9keik turisztikailag is n\u00e9pszer\u0171 l\u00e1togat\u00f3 helly\u00e9 v\u00e1lhassanak. A fejleszt\u00e9s j\u00f3l illeszkedik a\u00a0 Tisz\u00e1nt\u00fali Reform\u00e1tus Egyh\u00e1zker\u00fclet \u00e1ltal elind\u00edtott Religio et patria \u2013 szabads\u00e1g, hitvall\u00e1s, alkot\u00e1s\u00a0 n\u00e9vre hallgat\u00f3 turisztikai program c\u00e9lja a reform\u00e1ci\u00f3 szerte\u00e1gaz\u00f3 \u00e9s hihetetlen gazdag egyh\u00e1zi,\u00a0 t\u00f6rt\u00e9nelmi, kultur\u00e1lis, szellemi, m\u0171v\u00e9szeti \u00f6r\u00f6ks\u00e9g\u00e9nek bemutat\u00e1sa.\u00a0\u00a0<\/span><\/p>\n<p><span style=\"font-weight: 400;\">Hogy mi\u00e9rt ez a hat templom szerepel a fejleszt\u00e9si programban, arra a v\u00e1laszokat a t\u00f6rt\u00e9nelm\u00fckben\u00a0 tal\u00e1ljuk:\u00a0\u00a0<\/span><\/p>\n<p><b>Kismarja\u00a0<\/b><\/p>\n<p><span style=\"font-weight: 400;\"><img loading=\"lazy\" decoding=\"async\" class=\"aligncenter wp-image-32 size-full\" src=\"https:\/\/kismarjaref.hu\/wp-content\/uploads\/2023\/01\/terkep.jpg\" alt=\"\" width=\"1938\" height=\"1281\" srcset=\"https:\/\/kismarjaref.hu\/wp-content\/uploads\/2023\/01\/terkep.jpg 1938w, https:\/\/kismarjaref.hu\/wp-content\/uploads\/2023\/01\/terkep-300x198.jpg 300w, https:\/\/kismarjaref.hu\/wp-content\/uploads\/2023\/01\/terkep-1024x677.jpg 1024w, https:\/\/kismarjaref.hu\/wp-content\/uploads\/2023\/01\/terkep-768x508.jpg 768w, https:\/\/kismarjaref.hu\/wp-content\/uploads\/2023\/01\/terkep-1536x1015.jpg 1536w, https:\/\/kismarjaref.hu\/wp-content\/uploads\/2023\/01\/terkep-960x635.jpg 960w\" sizes=\"auto, (max-width: 1938px) 100vw, 1938px\" \/>A Kismarj\u00e1t a 15. sz\u00e1zadt\u00f3l birtokolta a Bocskai csal\u00e1d, Bocskai Istv\u00e1n fejedelem sz\u00e1m\u00e1ra pedig\u00a0 k\u00fcl\u00f6n\u00f6sen kedves volt a telep\u00fcl\u00e9s.\u00a0<\/span><\/p>\n<p><span style=\"font-weight: 400;\">1944-ben t\u00f6bb eml\u00e9knek nyomaveszett, ezekben a v\u00e9szterhes id\u0151kben sz\u00e1ll\u00edtott\u00e1k ismeretlen helyre\u00a0 Bocskai fejedelem adom\u00e1nylevel\u00e9nek eredeti p\u00e9ld\u00e1ny\u00e1t is, melyet a k\u00f6z\u00f6ss\u00e9g addig soha nem adott ki\u00a0 a kez\u00e9b\u0151l. Nagy szerencse, hogy az iratnak t\u00f6bb hiteles m\u00e1solata is fennmaradt.\u00a0 Az ugyancsak a fejedelem \u00e1ltal adom\u00e1nyozott, 1606-os dat\u00e1l\u00e1s\u00fa pecs\u00e9tnyom\u00f3 \u00fagyszint\u00e9n rejt\u00e9lyes utat\u00a0 j\u00e1rt be, m\u00edg egy ismeretlen szem\u00e9ly megv\u00e1s\u00e1rl\u00e1sra aj\u00e1nlotta a D\u00e9ri M\u00fazeumnak. A kismarjai templomban l\u00e1that\u00f3 kript\u00e1t v\u00e9grendelete szerint Bocskai Istv\u00e1n \u00e9p\u00edttette, az ut\u00f3dok sz\u00e1m\u00e1ra\u00a0 mind\u00f6ssze a l\u00e9pcs\u0151 f\u00f6lddel val\u00f3 bet\u00f6m\u00e9s\u00e9t, valamint a padozat kik\u00f6vez\u00e9s\u00e9t szabta.\u00a0\u00a0<\/span><\/p>\n<p><span style=\"font-weight: 400;\">2004-re a t\u00f6rt\u00e9nelmi dokumentumokon t\u00fal m\u00e1r csak a helyi\u00a0\u00a0<\/span><span style=\"font-weight: 400;\">hagyom\u00e1nyok tartott\u00e1k sz\u00e1mon a templom belsej\u00e9nek titk\u00e1t.\u00a0\u00a0<\/span><span style=\"font-weight: 400;\">A r\u00e9g\u00e9szeti felt\u00e1r\u00e1s nyom\u00e1n azonban el\u0151ker\u00fclt az \u00dar asztala\u00a0\u00a0<\/span><span style=\"font-weight: 400;\">alatti helyen a M\u00e1ty\u00e1s uralkod\u00e1s\u00e1nak idej\u00e9n, m\u00e9rn\u00f6ki\u00a0\u00a0<\/span><span style=\"font-weight: 400;\">pontoss\u00e1ggal tervezett k\u00e9s\u0151 g\u00f3tikus, renesz\u00e1nsz kripta.\u00a0\u00a0<\/span><\/p>\n<p><span style=\"font-weight: 400;\">A kript\u00e1t feltehet\u0151en az \u00faj templom \u00e9p\u00edt\u00e9sekor, 1804-ben\u00a0\u00a0<\/span><span style=\"font-weight: 400;\">d\u00faltak fel, a boltozatot fel\u00fclr\u0151l \u00e1tt\u00f6rve.\u00a0\u00a0<\/span><span style=\"font-weight: 400;\">A s\u00edrrabl\u00f3k figyelm\u00e9t n\u00e9h\u00e1ny kisebb t\u00e1rgyon k\u00edv\u00fcl elker\u00fclte\u00a0\u00a0<\/span><span style=\"font-weight: 400;\">k\u00e9t gy\u0171r\u0171, melyek m\u00e1solata megtekinthet\u0151 a ki\u00e1ll\u00edt\u00e1si\u00a0\u00a0<\/span><span style=\"font-weight: 400;\">vitrinben.\u00a0\u00a0<\/span><\/p>\n<p><span style=\"font-weight: 400;\">Hiteles, 1602-b\u0151l sz\u00e1rmaz\u00f3 \u00e1br\u00e1zol\u00e1s alapj\u00e1n k\u00e9sz\u00fclt el \u00e9s l\u00e1that\u00f3 a templomban a Bocskai-kori,\u00a0 k\u00f6z\u00e9pnemesi n\u0151i viselet rekonstrukci\u00f3ja. A h\u00f6lgy ruh\u00e1zat\u00e1n j\u00f3l l\u00e1that\u00f3 a n\u00e9met-spanyol divat hat\u00e1sa,\u00a0 f\u0151k\u00e9nt a d\u00fasan red\u0151z\u00f6tt, t\u00f6bbr\u00e9teg\u0171 nyakfodor r\u00e9v\u00e9n. D\u00fasan r\u00e1ncolt, alj\u00e1n sk\u00f3fiummal d\u00edsz\u00edtett\u00a0 selyemdamaszt szokny\u00e1ja azonban magyar m\u00f3dra harang alak\u00fa, el\u00f6l csipk\u00e9s k\u00f6t\u00e9nnyel takarva.\u00a0 F\u0151k\u00f6t\u0151je is magyar divat\u00fa, arany h\u00edmz\u00e9ssel \u00e9s gy\u00f6ngy\u00f6kkel d\u00edsz\u00edtett.\u00a0<\/span><\/p>\n<p><span style=\"font-weight: 400;\">A Kistemplom k\u00fcl\u00f6nleges l\u00e1tnival\u00f3ja a torny\u00e1ban k\u00e9t k\u00e9s\u0151bbi t\u00e1rs\u00e1val ma is im\u00e1ra h\u00edv\u00f3 az 1616-ban\u00a0 S\u00e1r\u00e1ndi Mikl\u00f3s, Kismarja b\u00edr\u00e1ja \u00e1ltal \u00f6ntetett Bocskai harang. 400 \u00e9ves m\u00faltja miatt kiv\u00e9teles, t\u00f6rt\u00e9nelmi\u00a0 \u00e9rt\u00e9k\u0171 l\u00e1tv\u00e1nyoss\u00e1g, amelyet a mez\u0151v\u00e1ros pecs\u00e9tj\u00e9nek \u00e1br\u00e1zol\u00e1sa d\u00edsz\u00edti, a karsz\u00e9kben \u00fcl\u0151, kez\u00e9ben\u00a0 buzog\u00e1nyt \u00e9s kardot tart\u00f3 fejedelem k\u00e9p\u00e9vel.\u00a0\u00a0<\/span><\/p>\n<p><span style=\"font-weight: 400;\">A fejleszt\u00e9s c\u00e9lja az volt, hogy a m\u00e1r megl\u00e9v\u0151 egyh\u00e1zi kultur\u00e1lis \u00f6r\u00f6ks\u00e9g, amely felbecs\u00fclhetetlen\u00a0 nemzeti, t\u00f6rt\u00e9nelmi, egyh\u00e1zm\u0171v\u00e9szeti valamint muze\u00e1lis \u00e9rt\u00e9ket k\u00e9pvisel, egyre sz\u00e9lesebb k\u00f6rben\u00a0 v\u00e1ljon ismertt\u00e9 \u00e9s egyre l\u00e1tv\u00e1nyosabb \u00e9s interakt\u00edvabb form\u00e1ban jelenhessen meg az \u00e9rdekl\u0151d\u0151k\u00a0 sz\u00e1m\u00e1ra a mai kor kih\u00edv\u00e1sainak megfelel\u0151en. A projekt megval\u00f3sul\u00e1sa jelent\u0151sen hozz\u00e1j\u00e1rul ahhoz,\u00a0 hogy az eml\u00edtett helysz\u00ednek turisztikailag is k\u00f6zkedveltebb l\u00e1togat\u00f3 helysz\u00ednekk\u00e9 v\u00e1ljanak, \u00e9s a l\u00e1togat\u00f3k\u00a0 interakt\u00edv m\u00f3don szerezzenek \u00e9rt\u00e9kes, t\u00f6rt\u00e9nelmi \u00e9s kultur\u00e1lis ismereteket, \u00e9lm\u00e9nyeket.\u00a0<\/span><\/p>\n<p><span style=\"font-weight: 400;\">A projekt minden helysz\u00ednen t\u00f6bb elemb\u0151l tev\u0151d\u00f6tt \u00f6ssze, t\u00f6bbek k\u00f6z\u00f6tt \u00e9p\u00edt\u00e9si beruh\u00e1z\u00e1sokb\u00f3l, melyek\u00a0 lehet\u0151v\u00e9 tett\u00e9k a megfelel\u0151 k\u00f6r\u00fclm\u00e9nyeket a turisztikai attrakci\u00f3k megval\u00f3sul\u00e1s\u00e1hoz. A marketing eszk\u00f6z\u00f6k hozz\u00e1j\u00e1rulnak a megval\u00f3sul\u00e1si helysz\u00ednek n\u00e9pszer\u0171s\u00edt\u00e9s\u00e9hez, a turizmus fellend\u00fcl\u00e9s\u00e9hez az\u00a0 eg\u00e9sz t\u00e9rs\u00e9gben. A min\u00e9l magasabb sz\u00ednvonal\u00fa turisztikai attrakci\u00f3k biztos\u00edt\u00e1sa \u00e9rdek\u00e9ben sor ker\u00fclt ki\u00e1ll\u00edt\u00e1si, install\u00e1ci\u00f3s, hang, f\u00e9ny-, \u00e9s vizu\u00e1ltechnikai eszk\u00f6z\u00f6k alkalmaz\u00e1s\u00e1ra is.\u00a0<\/span><\/p>\n<p><span style=\"font-weight: 400;\">Megval\u00f3sult a templomok l\u00e1togat\u00f3bar\u00e1t fejleszt\u00e9se, melynek k\u00f6sz\u00f6nhet\u0151en l\u00e1tv\u00e1nyos ki\u00e1ll\u00edt\u00e1sok\u00a0 k\u00fcl\u00f6nb\u00f6z\u0151 m\u00f3dokon adnak sz\u00e1mot a reform\u00e1ci\u00f3 egyh\u00e1zi, t\u00f6rt\u00e9nelmi, kultur\u00e1lis, m\u0171v\u00e9szeti\u00a0 jelent\u0151s\u00e9g\u00e9r\u0151l, \u00f6r\u00f6ks\u00e9g\u00e9r\u0151l, ezen \u00f6r\u00f6ks\u00e9ghelysz\u00ednek felfedez\u00e9s\u00e9t pedig tematikus t\u00fara\u00fatvonalak seg\u00edtik\u00a0 \u00e9s k\u00f6tik \u00f6ssze.\u00a0<\/span><\/p>\n<p><span style=\"font-weight: 400;\">Az \u201eOrando et Laborando\u201d. c\u00edm\u0171 egyh\u00e1zi turisztikai fejleszt\u00e9s \u00e1ltal a helysz\u00edneken megjelen\u0151 interaktiv\u00a0 \u00e9s hagyom\u00e1nyos ki\u00e1ll\u00edt\u00e1si elemek, a templomok \u00e9s gy\u00fclekezetek t\u00f6rt\u00e9nete, a \u201eKreat\u00edv\u201d reform\u00e1ci\u00f3, avagy \u201eReligio et Patria\u201d &#8211; Szabads\u00e1g, Hitvall\u00e1s \u00e9s Alkot\u00e1s c\u00edm\u0171, sz\u00e1mos m\u00e1s reform\u00e1tus templomot\u00a0 fel\u00f6lel\u0151 egyh\u00e1zker\u00fcleti programhoz kapcsol\u00f3dik.\u00a0<\/span><\/p>\n<p><span style=\"font-weight: 400;\">A helysz\u00edneken a templomok, a telep\u00fcl\u00e9s vagy gy\u00fclekezetek jellegzetess\u00e9geinek, \u00e9rdekess\u00e9geinek\u00a0 j\u00e1t\u00e9kos m\u00f3don t\u00f6rt\u00e9n\u0151 bemutat\u00e1sa is fontos c\u00e9l volt, a min\u00e9l sz\u00e9lesebb koroszt\u00e1ly bevon\u00e1s\u00e1nak\u00a0 \u00e9rdek\u00e9ben, valamint Kismarj\u00e1n \u00e9s a debreceni Kistemplomban \u201eToronyt\u00fara\u201d is sz\u00ednes\u00edti a ki\u00e1ll\u00edt\u00e1st.\u00a0<\/span><\/p>\n<p><span style=\"font-weight: 400;\">A reform\u00e1ci\u00f3 els\u0151dlegesen Eur\u00f3p\u00e1ban, majd innen tov\u00e1bb terjedve vil\u00e1gszerte form\u00e1lta a kereszty\u00e9ns\u00e9g\u00a0 arculat\u00e1t. Az egyh\u00e1zi \u00e9leten t\u00fal meghat\u00e1roz\u00f3an alak\u00edtotta a modern kori ember vil\u00e1gk\u00e9p\u00e9t. Hat\u00e1sai\u00a0 mark\u00e1nsan \u00e9rv\u00e9nyes\u00fcltek a nemzeti m\u0171vel\u0151d\u00e9sben, az oktat\u00e1sban, a m\u0171v\u00e9szetben, tudom\u00e1nyban,\u00a0 t\u00e1rsadalmi \u00e9s mag\u00e1n\u00e9leti kapcsolatokban, fontos szerepet j\u00e1tszott a gazdas\u00e1gi \u00e9s politikai k\u00f6z\u00e9let\u00a0 form\u00e1l\u00f3d\u00e1s\u00e1ban. E hat\u00e1sok k\u00fcl\u00f6n\u00f6sen er\u0151teljesnek bizonyultak az Alf\u00f6ld t\u00e9rs\u00e9g\u00e9nek \u00e9let\u00e9ben. A\u00a0 szabads\u00e1gjogok kiterjeszt\u00e9s\u00e9ben bet\u00f6lt\u00f6tt szerepe kapcs\u00e1n ki kell emeln\u00fcnk, hogy Eur\u00f3pa legt\u00f6bb\u00a0 protest\u00e1ns k\u00f6z\u00f6ss\u00e9g\u00e9hez hasonl\u00f3an, a mi eleinknek is sok \u00e1ldozatot kellett v\u00e1llalniuk hitvall\u00e1suk,\u00a0 egyh\u00e1zi \u00e9s iskolai auton\u00f3mi\u00e1juk v\u00e9delm\u00e9ben. A vall\u00e1sszabads\u00e1g \u00e9rdek\u00e9ben folytatott kitart\u00f3 k\u00fczdelm\u00fck\u00a0 a Bocskai-szabads\u00e1gharc ut\u00e1n ism\u00e9telten \u00f6sszekapcsol\u00f3dott a haza szabads\u00e1g\u00e1nak biztos\u00edt\u00e1s\u00e1val. E\u00a0 meghat\u00e1roz\u00f3 t\u00f6rt\u00e9nelmi esem\u00e9nyek fontos helysz\u00edne, t\u00f6bbsz\u00f6r kiindul\u00f3pontja volt a Tisz\u00e1nt\u00fal. A\u00a0 reform\u00e1ci\u00f3 hat\u00e1sai t\u00e9rs\u00e9g\u00fcnkben ugyancsak gazdag m\u0171vel\u0151d\u00e9si \u00e9letet \u00e9s m\u0171v\u00e9szeti alkot\u00f3tev\u00e9kenys\u00e9get bontakoztattak ki. Ezt tetten \u00e9rhetj\u00fck a nyomd\u00e1szat, az iskolakult\u00fara fejl\u0151d\u00e9s\u00e9ben,\u00a0<\/span><span style=\"font-weight: 400;\">a legk\u00fcl\u00f6nb\u00f6z\u0151bb m\u0171v\u00e9szeti \u00e1gazatok \u00e9s korszakok alkot\u00f3i,\u00a0\u00a0<\/span><span style=\"font-weight: 400;\">alkot\u00e1sai tekintet\u00e9ben. Jelenl\u00e9te figyelemfelkelt\u0151 m\u00f3don\u00a0\u00a0<\/span><span style=\"font-weight: 400;\">\u00e9rv\u00e9nyes\u00fclt az irodalom, a zene vagy \u00e9ppen az\u00a0\u00a0<\/span><span style=\"font-weight: 400;\">iparm\u0171v\u00e9szet ter\u00fclet\u00e9n. A reform\u00e1tus templomok e gazdag,\u00a0\u00a0<\/span><span style=\"font-weight: 400;\">szerte\u00e1gaz\u00f3 \u00f6r\u00f6ks\u00e9g \u0151rz\u0151i \u00e9s kit\u00fcntetett eml\u00e9kezethelyei.\u00a0\u00a0<\/span><span style=\"font-weight: 400;\">Templomok, ezek berendez\u00e9si t\u00e1rgyai, istentiszteleti\u00a0\u00a0<\/span><span style=\"font-weight: 400;\">eszk\u00f6zei e gazdag, szerte\u00e1gaz\u00f3 \u00f6r\u00f6ks\u00e9g \u0151rz\u0151i \u00e9s kit\u00fcntetett\u00a0\u00a0<\/span><span style=\"font-weight: 400;\">eml\u00e9kezethelyei. K\u00fcls\u0151 f\u00e9ny\u0171z\u00e9st ker\u00fcl\u0151 megjelen\u00e9s\u00fckkel <\/span><span style=\"font-weight: 400;\">egy\u00fctt, sok esetben k\u00fcl\u00f6n\u00f6sen gazdag t\u00e1rh\u00e1zai e bels\u0151, tartalmi \u00e9rt\u00e9kteremt\u00e9sre t\u00f6rekv\u0151 m\u0171v\u00e9szi\u00a0 alkot\u00f3tev\u00e9kenys\u00e9g \u00e9rv\u00e9nyes\u00fcl\u00e9s\u00e9nek. A ki\u00e1ll\u00edt\u00e1sok ennek a ma is \u00e9l\u0151 \u00e9s hat\u00f3, a maga nem\u00e9ben\u00a0 egyed\u00fcl\u00e1ll\u00f3 t\u00f6rt\u00e9neti, m\u0171vel\u0151d\u00e9si \u00e9s m\u0171v\u00e9szeti hagyom\u00e1nynak a jellegzetes vagy \u00e9ppen k\u00fcl\u00f6nleges\u00a0 p\u00e9ld\u00e1ira h\u00edvj\u00e1k fel a figyelmet.\u00a0\u00a0<\/span>[\/vc_column_text][\/vc_column][\/vc_row][vc_row][vc_column]<div id=\"agni-video-94979\" class=\" custom-video agni-video embed-responsive embed-responsive-16by9\">\r\n\t\t\t\t<iframe loading=\"lazy\" width=\"2543\" height=\"1120\" src=\"https:\/\/www.youtube.com\/embed\/y3UmoOZyVs8\" title=\"kismarja ginop   4K\" frameborder=\"0\" allow=\"accelerometer; autoplay; clipboard-write; encrypted-media; gyroscope; picture-in-picture; web-share\" allowfullscreen><\/iframe>\r\n\t\t\t<\/div>  [\/vc_column][\/vc_row][vc_row][vc_column][vc_column_text]<strong>Projekt eredm\u00e9nyei:\u00a0\u00a0<\/strong><\/p>\n<p><b><img loading=\"lazy\" decoding=\"async\" class=\"alignleft wp-image-14\" src=\"https:\/\/kismarjaref.hu\/wp-content\/uploads\/2023\/01\/KISMARJA_REFORMATUS_TEMPLOM_20220624_DSO2115-684x1024.jpg\" alt=\"\" width=\"382\" height=\"572\" srcset=\"https:\/\/kismarjaref.hu\/wp-content\/uploads\/2023\/01\/KISMARJA_REFORMATUS_TEMPLOM_20220624_DSO2115-684x1024.jpg 684w, https:\/\/kismarjaref.hu\/wp-content\/uploads\/2023\/01\/KISMARJA_REFORMATUS_TEMPLOM_20220624_DSO2115-200x300.jpg 200w, https:\/\/kismarjaref.hu\/wp-content\/uploads\/2023\/01\/KISMARJA_REFORMATUS_TEMPLOM_20220624_DSO2115-768x1150.jpg 768w, https:\/\/kismarjaref.hu\/wp-content\/uploads\/2023\/01\/KISMARJA_REFORMATUS_TEMPLOM_20220624_DSO2115-1025x1536.jpg 1025w, https:\/\/kismarjaref.hu\/wp-content\/uploads\/2023\/01\/KISMARJA_REFORMATUS_TEMPLOM_20220624_DSO2115-1367x2048.jpg 1367w, https:\/\/kismarjaref.hu\/wp-content\/uploads\/2023\/01\/KISMARJA_REFORMATUS_TEMPLOM_20220624_DSO2115-960x1438.jpg 960w, https:\/\/kismarjaref.hu\/wp-content\/uploads\/2023\/01\/KISMARJA_REFORMATUS_TEMPLOM_20220624_DSO2115-scaled.jpg 1709w\" sizes=\"auto, (max-width: 382px) 100vw, 382px\" \/>&#8211; <\/b><span style=\"font-weight: 400;\">a templom bels\u0151 ter\u00e9nek \u00e9s k\u00fclsej\u00e9nek fel\u00faj\u00edt\u00e1sa, f\u00fcves\u00edt\u00e9s, a torony l\u00e1togathat\u00f3v\u00e1 t\u00e9tele \u00e9s\u00a0 padf\u0171t\u00e9s kialak\u00edt\u00e1sa\u00a0<\/span><\/p>\n<p><b>&#8211; <\/b><span style=\"font-weight: 400;\">A program keret\u00e9ben megt\u00f6rt\u00e9nt a templom l\u00e1togat\u00f3bar\u00e1t fejleszt\u00e9se, melynek k\u00f6sz\u00f6nhet\u0151en\u00a0 l\u00e1tv\u00e1nyos ki\u00e1ll\u00edt\u00e1sok adnak sz\u00e1mot a reform\u00e1ci\u00f3 egyh\u00e1zi, t\u00f6rt\u00e9nelmi, kultur\u00e1lis, m\u0171v\u00e9szeti\u00a0 jelent\u0151s\u00e9g\u00e9r\u0151l, \u00f6r\u00f6ks\u00e9g\u00e9r\u0151l, ezen \u00f6r\u00f6ks\u00e9ghelysz\u00edn felfedez\u00e9s\u00e9t pedig tematikus t\u00fara\u00fatvonalak\u00a0 seg\u00edtik. A templom l\u00e1togat\u00f3bar\u00e1t fejleszt\u00e9se, ezen bel\u00fcl hang,- f\u00e9ny \u00e9s vizu\u00e1ltechnikai\u00a0 fejleszt\u00e9sek, turisztikai ki\u00e1ll\u00edt\u00e1s \u00e9s a l\u00e1tv\u00e1nyoss\u00e1gok n\u00e9pszer\u0171s\u00edt\u00e9s\u00e9t szolg\u00e1l\u00f3 marketing\u00a0 anyagok k\u00e9sz\u00edt\u00e9se val\u00f3sult meg.\u00a0<\/span><\/p>\n<p><b>&#8211; <\/b><span style=\"font-weight: 400;\">A ki\u00e1ll\u00edt\u00e1sok egyszerre t\u00f6bb \u00e9rz\u00e9kszervre hatnak, hiszen a f\u00e9nyek, a vizu\u00e1lis \u00e9lm\u00e9nyek mellett\u00a0 az akusztikai hat\u00e1sok, a zenei \u00e9lm\u00e9nyek \u00e9s hangeffektek kapnak jelent\u0151s szerepet.\u00a0<\/span><\/p>\n<p><span style=\"font-weight: 400;\">A k\u00f6vetkez\u0151 egys\u00e9gek jelennek meg a helysz\u00ednen:\u00a0<\/span><\/p>\n<ol>\n<li><span style=\"font-weight: 400;\"> A templom t\u00f6rt\u00e9net\u00e9nek ismertet\u00e9se, a gy\u00fclekezet saj\u00e1toss\u00e1ga\u00a0\u00a0<\/span><\/li>\n<li><span style=\"font-weight: 400;\"> \u201eKreat\u00edv\u201d reform\u00e1ci\u00f3 avagy Hitvall\u00e1s \u00e9s Alkot\u00e1s\u00a0\u00a0<\/span><\/li>\n<li><span style=\"font-weight: 400;\"> Toronyt\u00fara\u00a0<\/span><\/li>\n<li><span style=\"font-weight: 400;\"> Utal\u00e1s \u00e9s motiv\u00e1l\u00e1s a t\u00f6bbi helysz\u00edn megtekint\u00e9s\u00e9re vonatkoz\u00f3an\u00a0<\/span><\/li>\n<li><span style=\"font-weight: 400;\"> \u201eA templom \u00e9s a gy\u00fclekezet saj\u00e1toss\u00e1gainak interakt\u00edv m\u00f3don t\u00f6rt\u00e9n\u0151 megismertet\u00e9se\u00a0<\/span><\/li>\n<\/ol>\n<p>&nbsp;<\/p>\n<p><span style=\"font-weight: 400;\">Nyilv\u00e1noss\u00e1g biztos\u00edt\u00e1sa:\u00a0<\/span><\/p>\n<p><span style=\"font-weight: 400;\">A \u201eSz\u00e9chenyi 2020 Kedvezm\u00e9nyezettek T\u00e1j. K\u00f6t-ei \u00fatmutat\u00f3 \u00e9s arculati k\u00e9zik\u00f6nyv \u201eKTK 2020\u201d\u00a0 dokumentumban el\u0151\u00edrtaknak megfelel\u0151en ker\u00fclnek megval\u00f3s\u00edt\u00e1sra.\u00a0<\/span><\/p>\n<p>\u00b7 Kedvezm\u00e9nyezett neve: Tisz\u00e1nt\u00fali Reform\u00e1tus Egyh\u00e1zker\u00fclet<\/p>\n<p>\u00b7 Projekt c\u00edme: \u201eOrando et laborando \u2013 Im\u00e1dkozva \u00e9s dolgozva\u201d<\/p>\n<p>\u00b7 Szerz\u0151d\u00f6tt t\u00e1mogat\u00e1s \u00f6sszege: 1 496 818 373 Ft<\/p>\n<p>\u00b7 T\u00e1mogat\u00e1s m\u00e9rt\u00e9ke: 100%<\/p>\n<p>\u00b7 A projekt t\u00e9nyleges\/tervezett megval\u00f3s\u00edt\u00e1si id\u0151szaka: 2017.12.01-2023.01.31.<\/p>\n<p>&nbsp;<\/p>\n<p><b>Tov\u00e1bbi inform\u00e1ci\u00f3 k\u00e9rhet\u0151:\u00a0<\/b><\/p>\n<p><strong>Kiss Emese\u00a0<\/strong><\/p>\n<p><span style=\"font-weight: 400;\">El\u00e9rhet\u0151s\u00e9g: telefonsz\u00e1m: +36 70 457 9367\u00a0\u00a0<\/span><\/p>\n<p style=\"text-align: left;\"><span style=\"font-weight: 400;\">e-mail: <\/span><span style=\"font-weight: 400;\">emese.kisss@gmail.com<\/span><span style=\"font-weight: 400;\">\u00a0<\/span><\/p>\n<p><strong>De\u00e1k Attila\u00a0<\/strong><\/p>\n<p><span style=\"font-weight: 400;\">El\u00e9rhet\u0151s\u00e9g: telefonsz\u00e1m: +36 30 355 7076\u00a0\u00a0<\/span><\/p>\n<p><span style=\"font-weight: 400;\">e-mail: <\/span><a href=\"mailto:deak.attila@ttre.hu\"><span style=\"font-weight: 400;\">deak.attila@ttre.hu<\/span><\/a>[\/vc_column_text][\/vc_column][\/vc_row]<\/p>\n","protected":false},"excerpt":{"rendered":"<p>[vc_row margin_top=&#8221;2em&#8221;][vc_column][vc_column_text] KISMARJAI REFORM\u00c1TUS TEMPLOM [\/vc_column_text][\/vc_column][\/vc_row][vc_row][vc_column][vc_column_text] A Tisz\u00e1nt\u00fali Reform\u00e1tus Egyh\u00e1zker\u00fclet, az \u201eOrando et Laborando \u2013 Im\u00e1dkozva \u00e9s dolgozva\u201d c\u00edm\u0171 turisztikai attrakci\u00f3 fejleszt\u00e9sre ir\u00e1nyul\u00f3 GINOP-7.1.4-16-2016-00014 azonos\u00edt\u00f3sz\u00e1m\u00fa projekt keret\u00e9ben 1.496.818.373 forint vissza nem t\u00e9r\u00edtend\u0151 eur\u00f3pai uni\u00f3s t\u00e1mogat\u00e1sban r\u00e9szes\u00fclt. [\/vc_column_text][\/vc_column][\/vc_row][vc_row margin_bottom=&#8221;2em&#8221;][vc_column][\/vc_column][\/vc_row][vc_row][vc_column][vc_column_text]A Debrecen- Kistemplom \u00e9s Szatm\u00e1rcsekei Reform\u00e1tus Templom \u00fcnnep\u00e9lyes projektz\u00e1r\u00e1s\u00e1t k\u00f6vet\u0151en\u00a0 2022. november 6-\u00e1n, vas\u00e1rnap a Kismarjai Reform\u00e1tus Templomban [&hellip;]<\/p>\n","protected":false},"author":1,"featured_media":0,"parent":0,"menu_order":0,"comment_status":"closed","ping_status":"open","template":"","meta":{"footnotes":""},"class_list":["post-2","page","type-page","status-publish","hentry"],"_links":{"self":[{"href":"https:\/\/kismarjaref.hu\/index.php\/wp-json\/wp\/v2\/pages\/2","targetHints":{"allow":["GET"]}}],"collection":[{"href":"https:\/\/kismarjaref.hu\/index.php\/wp-json\/wp\/v2\/pages"}],"about":[{"href":"https:\/\/kismarjaref.hu\/index.php\/wp-json\/wp\/v2\/types\/page"}],"author":[{"embeddable":true,"href":"https:\/\/kismarjaref.hu\/index.php\/wp-json\/wp\/v2\/users\/1"}],"replies":[{"embeddable":true,"href":"https:\/\/kismarjaref.hu\/index.php\/wp-json\/wp\/v2\/comments?post=2"}],"version-history":[{"count":25,"href":"https:\/\/kismarjaref.hu\/index.php\/wp-json\/wp\/v2\/pages\/2\/revisions"}],"predecessor-version":[{"id":43,"href":"https:\/\/kismarjaref.hu\/index.php\/wp-json\/wp\/v2\/pages\/2\/revisions\/43"}],"wp:attachment":[{"href":"https:\/\/kismarjaref.hu\/index.php\/wp-json\/wp\/v2\/media?parent=2"}],"curies":[{"name":"wp","href":"https:\/\/api.w.org\/{rel}","templated":true}]}}